{"version":"1.0","provider_name":"Adri P.","provider_url":"https:\/\/portre.cafeblog.hu","author_name":"Adri Papp","author_url":"https:\/\/portre.cafeblog.hu\/author\/audri11\/","title":"Adri toll\u00e1b\u00f3l...","html":"<p><span id=\"fbPhotoSnowliftCaption\" class=\"fbPhotosPhotoCaption\"><span class=\"hasCaption\">\"...Mindannyian tudjuk, hogy az \u00e9let csod\u00e1s, csak n\u00e9ha nem tudjuk, hogyan \u00e9lj\u00fck azt, bolyongv\u00e1n egy \u00fatveszt\u0151ben! \u00d6r\u00f6k mosollyal az orc\u00e1n, rejtve f\u00e1jdalmaink vagy hagyjuk, l\u00e1ss\u00e1k, esend\u0151ek vagyunk!? Egy labirintust \u00e9p\u00edt\u00fcnk magunknak azzal, mit akarunk, s mikor kiutat lel\u00fcnk r\u00e1j\u00f6v\u00fcnk, de j\u00f3 is, hogy nem kaptuk meg E HAMIS IDEOL\u00d3GI\u00c1T, hanem helyette olyas valamit, amire VAL\u00d3BAN SZ\u00dcKS\u00c9G\u00dcNK VAN...\" <\/span><\/span><span id=\"fbPhotoSnowliftTagList\" class=\"fbPhotoTagList\"><\/span><\/p>","type":"rich","thumbnail_url":"https:\/\/portre.cafeblog.hu\/files\/2017\/08\/Image-150x150.jpg","thumbnail_width":150,"thumbnail_height":150}